{"id":29373,"date":"2021-11-01T01:27:57","date_gmt":"2021-11-01T01:27:57","guid":{"rendered":"https:\/\/quintacarmo.com\/?page_id=29373"},"modified":"2021-11-01T14:46:09","modified_gmt":"2021-11-01T14:46:09","slug":"termos-e-condicoes-de-uso","status":"publish","type":"page","link":"https:\/\/quintacarmo.com\/en\/termos-e-condicoes-de-uso\/","title":{"rendered":"Termos e Condi\u00e7\u00f5es de Uso"},"content":{"rendered":"<p>[et_pb_section fb_built=&#8221;1&#8243; fullwidth=&#8221;on&#8221; _builder_version=&#8221;4.10.0&#8243; _module_preset=&#8221;default&#8221; background_color=&#8221;#4f6d43&#8243; locked=&#8221;off&#8221; global_colors_info=&#8221;{}&#8221;][et_pb_fullwidth_code _builder_version=&#8221;4.10.0&#8243; _module_preset=&#8221;default&#8221; custom_padding=&#8221;50px|50px|10px|50px|false|false&#8221; custom_css_main_element=&#8221;display:flex;||justify-content:center;&#8221; global_colors_info=&#8221;{}&#8221;]<\/p>\n<div class=\"home-titulo\"><!-- [et_pb_line_break_holder] -->Termos e Condi\u00e7\u00f5es de Uso<!-- [et_pb_line_break_holder] --><\/div>\n<p>[\/et_pb_fullwidth_code][\/et_pb_section][et_pb_section fb_built=&#8221;1&#8243; _builder_version=&#8221;4.10.0&#8243; _module_preset=&#8221;default&#8221; global_colors_info=&#8221;{}&#8221;][et_pb_row _builder_version=&#8221;4.10.0&#8243; _module_preset=&#8221;default&#8221; global_colors_info=&#8221;{}&#8221;][et_pb_column type=&#8221;4_4&#8243; _builder_version=&#8221;4.10.0&#8243; _module_preset=&#8221;default&#8221; global_colors_info=&#8221;{}&#8221;][et_pb_code _builder_version=&#8221;4.10.0&#8243; _module_preset=&#8221;default&#8221; global_colors_info=&#8221;{}&#8221;]Para efetuar uma reserva de um dos nossos alojamentos deve ser realizado o<!-- [et_pb_line_break_holder] -->pagamento de 50% do valor total da reserva no prazo de 48 horas ap\u00f3s a reserva.\u00a0<!-- [et_pb_line_break_holder] --><!-- [et_pb_line_break_holder] -->O pagamento pode ser feito atrav\u00e9s de transfer\u00eancia banc\u00e1ria, mbway ou numer\u00e1rio.<!-- [et_pb_line_break_holder] --><!-- [et_pb_line_break_holder] -->Os restantes 50% do valor total da reserva devem ser pagos no dia do check-in.[\/et_pb_code][\/et_pb_column][\/et_pb_row][et_pb_row _builder_version=&#8221;4.10.0&#8243; _module_preset=&#8221;default&#8221; global_colors_info=&#8221;{}&#8221;][et_pb_column type=&#8221;4_4&#8243; _builder_version=&#8221;4.10.0&#8243; _module_preset=&#8221;default&#8221; global_colors_info=&#8221;{}&#8221;][et_pb_code _builder_version=&#8221;4.10.0&#8243; _module_preset=&#8221;default&#8221; custom_padding=&#8221;|20px||20px|false|false&#8221; locked=&#8221;off&#8221; global_colors_info=&#8221;{}&#8221;]<\/p>\n<div style=\"color:#4F6D43; font-size: 31px;\" class=\"home-titulo\"><!-- [et_pb_line_break_holder] -->Pol\u00edtica de cancelamento<!-- [et_pb_line_break_holder] --><\/div>\n<p><!-- [et_pb_line_break_holder] --><!-- [et_pb_line_break_holder] --><pee>\u2022 Mais de um m\u00eas de anteced\u00eancia, devolu\u00e7\u00e3o de 75% de metade do valor da reserva;<!\u2013- [et_pb_br_holder] -\u2013><!-- [et_pb_line_break_holder] -->\u2022 Duas semanas de anteced\u00eancia, devolu\u00e7\u00e3o de 50% de metade do valor da reserva;<!\u2013- [et_pb_br_holder] -\u2013><!-- [et_pb_line_break_holder] -->\u2022 Nos sete dias anteriores ou no pr\u00f3prio dia, n\u00e3o haver\u00e1 lugar a qualquer reembolso.<!\u2013- [et_pb_br_holder] -\u2013><!-- [et_pb_line_break_holder] -->\u2022 No caso de cancelamento de reservas devido ao coronav\u00edrus e restri\u00e7\u00f5es associadas<!-- [et_pb_line_break_holder] -->\u00e0 COVID-19 impostas pelo pa\u00eds de origem, ser\u00e1 disponibilizada a emiss\u00e3o de um<!-- [et_pb_line_break_holder] -->voucher no valor da reserva para usufruto at\u00e9 ao final de 2023, desde que esse mesmo<!-- [et_pb_line_break_holder] -->cancelamento seja informado at\u00e9 48h antes do dia check-in e acompanhado por um<!-- [et_pb_line_break_holder] -->documento comprovando as restri\u00e7\u00f5es de viagem.<\/pee>[\/et_pb_code][\/et_pb_column][\/et_pb_row][et_pb_row _builder_version=&#8221;4.10.0&#8243; _module_preset=&#8221;default&#8221; global_colors_info=&#8221;{}&#8221;][et_pb_column type=&#8221;4_4&#8243; _builder_version=&#8221;4.10.0&#8243; _module_preset=&#8221;default&#8221; global_colors_info=&#8221;{}&#8221;][et_pb_code _builder_version=&#8221;4.10.0&#8243; _module_preset=&#8221;default&#8221; custom_padding=&#8221;|20px||20px|false|false&#8221; locked=&#8221;off&#8221; global_colors_info=&#8221;{}&#8221;]<\/p>\n<div style=\"color:#4F6D43; font-size: 31px;\" class=\"home-titulo\"><!-- [et_pb_line_break_holder] -->Uso das nossas acomoda\u00e7\u00f5es<!-- [et_pb_line_break_holder] --><\/div>\n<p><!-- [et_pb_line_break_holder] --><!-- [et_pb_line_break_holder] --><pee>As nossas acomoda\u00e7\u00f5es s\u00e3o destinadas a f\u00e9rias tranquilas, em fam\u00edlia e\/ou amigos.<!-- [et_pb_line_break_holder] -->N\u00e3o deve haver nenhum inconveniente causado em conex\u00e3o com outros h\u00f3spedes. O<!-- [et_pb_line_break_holder] -->comportamento perturbador, m\u00fasica alta, festas s\u00e3o proibidas.<\/pee><!-- [et_pb_line_break_holder] --><pee>O n\u00famero m\u00e1ximo de pessoas por acomoda\u00e7\u00e3o n\u00e3o deve ser excedido.<\/pee><!-- [et_pb_line_break_holder] --><pee>Caso pretenda receber visitas de amigos ou familiares que n\u00e3o constem nos dados da<!-- [et_pb_line_break_holder] -->reserva \u00e9 poss\u00edvel faz\u00ea-lo, mas apenas ap\u00f3s consultar o anfitri\u00e3o\/propriet\u00e1rio, que<!-- [et_pb_line_break_holder] -->decidir\u00e1 consoante a ocupa\u00e7\u00e3o dos restantes alojamentos.<\/pee><!-- [et_pb_line_break_holder] --><pee>\u00c9 expressamente proibido fumar no interior dos alojamentos. As beatas devem ser<!-- [et_pb_line_break_holder] -->cuidadosamente apagadas quando fumar no exterior e depositadas nos recipientes<!-- [et_pb_line_break_holder] -->adequados.<\/pee><!-- [et_pb_line_break_holder] --><pee>Em caso de incumprimento destas normas, o propriet\u00e1rio pode exigir que abandonem<!-- [et_pb_line_break_holder] -->o empreendimento sem qualquer devolu\u00e7\u00e3o de valores.<\/pee>[\/et_pb_code][\/et_pb_column][\/et_pb_row][et_pb_row _builder_version=&#8221;4.10.0&#8243; _module_preset=&#8221;default&#8221; global_colors_info=&#8221;{}&#8221;][et_pb_column type=&#8221;4_4&#8243; _builder_version=&#8221;4.10.0&#8243; _module_preset=&#8221;default&#8221; global_colors_info=&#8221;{}&#8221;][et_pb_code _builder_version=&#8221;4.10.0&#8243; _module_preset=&#8221;default&#8221; custom_padding=&#8221;|20px||20px|false|false&#8221; locked=&#8221;off&#8221; global_colors_info=&#8221;{}&#8221;]<\/p>\n<div style=\"color:#4F6D43; font-size: 31px;\" class=\"home-titulo\"><!-- [et_pb_line_break_holder] -->Responsabilidade<!-- [et_pb_line_break_holder] --><\/div>\n<p><!-- [et_pb_line_break_holder] --><!-- [et_pb_line_break_holder] --><pee>A Quinta Carmo n\u00e3o se responsabiliza por quaisquer acidentes e n\u00e3o pode ser<!-- [et_pb_line_break_holder] -->responsabilizada por danos, perdas ou furtos no interior da sua propriedade.<\/pee><!-- [et_pb_line_break_holder] --><pee>A utiliza\u00e7\u00e3o dos alojamentos, piscina, parque infantil, churrasqueira e demais<!-- [et_pb_line_break_holder] -->instala\u00e7\u00f5es \u00e9 da responsabilidade do cliente.<\/pee>[\/et_pb_code][\/et_pb_column][\/et_pb_row][et_pb_row _builder_version=&#8221;4.10.0&#8243; _module_preset=&#8221;default&#8221; global_colors_info=&#8221;{}&#8221;][et_pb_column type=&#8221;4_4&#8243; _builder_version=&#8221;4.10.0&#8243; _module_preset=&#8221;default&#8221; global_colors_info=&#8221;{}&#8221;][et_pb_code _builder_version=&#8221;4.10.0&#8243; _module_preset=&#8221;default&#8221; custom_padding=&#8221;|20px||20px|false|false&#8221; locked=&#8221;off&#8221; global_colors_info=&#8221;{}&#8221;]<\/p>\n<div style=\"color:#4F6D43; font-size: 31px;\" class=\"home-titulo\"><!-- [et_pb_line_break_holder] -->Pre\u00e7os e ofertas<!-- [et_pb_line_break_holder] --><\/div>\n<p><!-- [et_pb_line_break_holder] --><!-- [et_pb_line_break_holder] --><pee>Para reservas diretamente no nosso site, temos as seguintes ofertas:<\/pee><!-- [et_pb_line_break_holder] --><!-- [et_pb_line_break_holder] --><pee>Desconto de 10% &#8211; para estadias de mais de 7 noites (\u00e9poca baixa)<!\u2013- [et_pb_br_holder] -\u2013><!-- [et_pb_line_break_holder] -->Desconto de 10% &#8211; para estadia de 1 ou 2 pessoas (\u00e9poca baixa)<!\u2013- [et_pb_br_holder] -\u2013><!-- [et_pb_line_break_holder] -->A taxa de limpeza \u00e9 de 50 euros por estadia<!\u2013- [et_pb_br_holder] -\u2013><!-- [et_pb_line_break_holder] -->Animais de estima\u00e7\u00e3o permitidos apenas custo extra de 7,5\u20ac por dia<!\u2013- [et_pb_br_holder] -\u2013><!-- [et_pb_line_break_holder] -->Taxa de h\u00f3spedes adicional: 15\u20ac por pessoa extra<\/pee>[\/et_pb_code][\/et_pb_column][\/et_pb_row][et_pb_row _builder_version=&#8221;4.10.0&#8243; _module_preset=&#8221;default&#8221; global_colors_info=&#8221;{}&#8221;][et_pb_column type=&#8221;4_4&#8243; _builder_version=&#8221;4.10.0&#8243; _module_preset=&#8221;default&#8221; global_colors_info=&#8221;{}&#8221;][et_pb_code _builder_version=&#8221;4.10.0&#8243; _module_preset=&#8221;default&#8221; custom_padding=&#8221;|20px||20px|false|false&#8221; locked=&#8221;off&#8221; global_colors_info=&#8221;{}&#8221;]<\/p>\n<div style=\"color:#4F6D43; font-size: 31px;\" class=\"home-titulo\"><!-- [et_pb_line_break_holder] -->Comodidades<!-- [et_pb_line_break_holder] --><\/div>\n<p><!-- [et_pb_line_break_holder] --><!-- [et_pb_line_break_holder] --><pee><!-- [et_pb_line_break_holder] -->\u2022Roupa de cama, toalhas de banho, panos de cozinha, m\u00e1quina de caf\u00e9 Dolce Gusto<!\u2013- [et_pb_br_holder] -\u2013><!-- [et_pb_line_break_holder] -->\u2022 Pacote beb\u00e9 gr\u00e1tis (ber\u00e7o, cadeira de refei\u00e7\u00f5es, brinquedos)<!\u2013- [et_pb_br_holder] -\u2013><!-- [et_pb_line_break_holder] --><!-- [et_pb_line_break_holder] -->\u2022 Acesso gratuito \u00e0 churrasqueira e terra\u00e7os comuns<!\u2013- [et_pb_br_holder] -\u2013><!-- [et_pb_line_break_holder] -->\u2022 Acesso gratuito \u00e0 internet via wi-fi<!\u2013- [et_pb_br_holder] -\u2013><!-- [et_pb_line_break_holder] -->\u2022 Uso gratuito da piscina partilhada<!\u2013- [et_pb_br_holder] -\u2013><!-- [et_pb_line_break_holder] -->\u2022 Atividades gratuitas: campo de futebol, mini-golf, voleibol, t\u00e9nis de mesa, parque<!-- [et_pb_line_break_holder] -->infantil, mini-trampolim.<!\u2013- [et_pb_br_holder] -\u2013><!-- [et_pb_line_break_holder] -->\u2022 Estacionamento gratuito no local<!\u2013- [et_pb_br_holder] -\u2013><!-- [et_pb_line_break_holder] -->\u2022 Uso gratuito de guarda-sol, corta-vento, v\u00e1rios brinquedos para as crian\u00e7as<!\u2013- [et_pb_br_holder] -\u2013><!-- [et_pb_line_break_holder] -->\u2022 Animais de estima\u00e7\u00e3o admitidos no exterior<!\u2013- [et_pb_br_holder] -\u2013><!-- [et_pb_line_break_holder] -->\u2022 Os pre\u00e7os incluem IVA e nenhum imposto tur\u00edstico \u00e9 devido.<\/pee>[\/et_pb_code][\/et_pb_column][\/et_pb_row][et_pb_row _builder_version=&#8221;4.10.0&#8243; _module_preset=&#8221;default&#8221; global_colors_info=&#8221;{}&#8221;][et_pb_column type=&#8221;4_4&#8243; _builder_version=&#8221;4.10.0&#8243; _module_preset=&#8221;default&#8221; global_colors_info=&#8221;{}&#8221;][et_pb_code _builder_version=&#8221;4.10.0&#8243; _module_preset=&#8221;default&#8221; custom_padding=&#8221;|20px||20px|false|false&#8221; locked=&#8221;off&#8221; global_colors_info=&#8221;{}&#8221;]<\/p>\n<div style=\"color:#4F6D43; font-size: 31px;\" class=\"home-titulo\"><!-- [et_pb_line_break_holder] -->Check-In\/ Check-Out<!-- [et_pb_line_break_holder] --><\/div>\n<p><!-- [et_pb_line_break_holder] --><!-- [et_pb_line_break_holder] --><pee><!-- [et_pb_line_break_holder] -->Check-in: A partir das 16:00<!\u2013- [et_pb_br_holder] -\u2013><!\u2013- [et_pb_br_holder] -\u2013><!-- [et_pb_line_break_holder] -->Check-Out: At\u00e9 \u00e0s 11:00<!\u2013- [et_pb_br_holder] -\u2013><!\u2013- [et_pb_br_holder] -\u2013><!-- [et_pb_line_break_holder] -->Nos meses de Julho, Agosto e primeiros quinze de Setembro o check-in dever\u00e1 ser<!-- [et_pb_line_break_holder] -->realizado \u00e0s sextas ou s\u00e1bados dependendo da sua acomoda\u00e7\u00e3o:<!\u2013- [et_pb_br_holder] -\u2013><!-- [et_pb_line_break_holder] -->\u2022 Sexta-feira: Casa Margarida e Casa Alfazema<!\u2013- [et_pb_br_holder] -\u2013><!-- [et_pb_line_break_holder] -->\u2022 S\u00e1bado: Casa da Joana, Casa Rosa e Casa Jasmim<\/pee>[\/et_pb_code][\/et_pb_column][\/et_pb_row][et_pb_row _builder_version=&#8221;4.10.0&#8243; _module_preset=&#8221;default&#8221; global_colors_info=&#8221;{}&#8221;][et_pb_column type=&#8221;4_4&#8243; _builder_version=&#8221;4.10.0&#8243; _module_preset=&#8221;default&#8221; global_colors_info=&#8221;{}&#8221;][et_pb_code _builder_version=&#8221;4.10.0&#8243; _module_preset=&#8221;default&#8221; custom_padding=&#8221;|20px||20px|false|false&#8221; locked=&#8221;off&#8221; global_colors_info=&#8221;{}&#8221;]<\/p>\n<div style=\"color:#4F6D43; font-size: 31px;\" class=\"home-titulo\"><!-- [et_pb_line_break_holder] -->Tempo m\u00ednimo de perman\u00eancia<!-- [et_pb_line_break_holder] --><\/div>\n<p><!-- [et_pb_line_break_holder] --><!-- [et_pb_line_break_holder] --><pee><!-- [et_pb_line_break_holder] -->Nos meses de Julho, Agosto e primeiros quinze de Setembro apenas alugamos estadias<!-- [et_pb_line_break_holder] -->no m\u00ednimo de 7 noites.<\/pee><!-- [et_pb_line_break_holder] --><!-- [et_pb_line_break_holder] --><pee>Nos restantes meses:<\/pee><!-- [et_pb_line_break_holder] --><pee>Casa da Joana estadia m\u00ednima 3 noites.<\/pee><!-- [et_pb_line_break_holder] --><pee>Casa Margarida, Alfazema, Rosa e Jasmim estadia m\u00ednima de 2 noites.<\/pee>[\/et_pb_code][\/et_pb_column][\/et_pb_row][et_pb_row _builder_version=&#8221;4.10.0&#8243; _module_preset=&#8221;default&#8221; global_colors_info=&#8221;{}&#8221;][et_pb_column type=&#8221;4_4&#8243; _builder_version=&#8221;4.10.0&#8243; _module_preset=&#8221;default&#8221; global_colors_info=&#8221;{}&#8221;][et_pb_code _builder_version=&#8221;4.10.0&#8243; _module_preset=&#8221;default&#8221; custom_padding=&#8221;|20px||20px|false|false&#8221; locked=&#8221;off&#8221; global_colors_info=&#8221;{}&#8221;]<\/p>\n<div style=\"color:#4F6D43; font-size: 31px;\" class=\"home-titulo\"><!-- [et_pb_line_break_holder] -->Informa\u00e7\u00f5es da Empresa<!-- [et_pb_line_break_holder] --><\/div>\n<p><!-- [et_pb_line_break_holder] --><!-- [et_pb_line_break_holder] --><pee>A marca Quinta Carmo pertence \u00e0 empresa Cosm\u00e9tica Unipessoal Lda. Trata-se de uma<!-- [et_pb_line_break_holder] -->empresa portuguesa, registada na C\u00e2mara de Com\u00e9rcio e Administra\u00e7\u00e3o Fiscal sob o<!-- [et_pb_line_break_holder] -->NIF 505372762, propriedade de Jorge Carmo. Os nossos alojamentos de f\u00e9rias t\u00eam<!-- [et_pb_line_break_holder] -->como licen\u00e7a de \u201cAL\u201d \u2013 Alojamento Local os respetivos n\u00fameros, 23907\/AL;<!-- [et_pb_line_break_holder] -->  103170\/AL; 103171\/AL.<\/pee><!-- [et_pb_line_break_holder] --><pee>Encontre na Quinta Carmo, um atendimento atencioso e pr\u00f3ximo de si, numa<!-- [et_pb_line_break_holder] -->localiza\u00e7\u00e3o privilegiada, onde poder\u00e1 levar consigo experi\u00eancias \u00fanicas ao n\u00edvel da<!-- [et_pb_line_break_holder] -->hist\u00f3ria, gastronomia, costumes e patrim\u00f3nio da regi\u00e3o.<\/pee>[\/et_pb_code][\/et_pb_column][\/et_pb_row][\/et_pb_section]<\/p>\n","protected":false},"excerpt":{"rendered":"","protected":false},"author":1,"featured_media":0,"parent":0,"menu_order":0,"comment_status":"closed","ping_status":"closed","template":"","meta":{"_et_pb_use_builder":"on","_et_pb_old_content":"","_et_gb_content_width":"","inline_featured_image":false,"_joinchat":[],"footnotes":""},"class_list":["post-29373","page","type-page","status-publish","hentry"],"yoast_head":"<!-- This site is optimized with the Yoast SEO plugin v27.5 - https:\/\/yoast.com\/product\/yoast-seo-wordpress\/ -->\n<title>Termos e Condi\u00e7\u00f5es de Uso - Quinta do Carmo<\/title>\n<meta name=\"robots\" content=\"index, follow, max-snippet:-1, max-image-preview:large, max-video-preview:-1\" \/>\n<link rel=\"canonical\" href=\"https:\/\/quintacarmo.com\/en\/termos-e-condicoes-de-uso\/\" \/>\n<meta property=\"og:locale\" content=\"en_GB\" \/>\n<meta property=\"og:type\" content=\"article\" \/>\n<meta property=\"og:title\" content=\"Termos e Condi\u00e7\u00f5es de Uso - Quinta do Carmo\" \/>\n<meta property=\"og:url\" content=\"https:\/\/quintacarmo.com\/en\/termos-e-condicoes-de-uso\/\" \/>\n<meta property=\"og:site_name\" content=\"Quinta do Carmo\" \/>\n<meta property=\"article:modified_time\" content=\"2021-11-01T14:46:09+00:00\" \/>\n<meta name=\"twitter:card\" content=\"summary_large_image\" \/>\n<meta name=\"twitter:label1\" content=\"Estimated reading time\" \/>\n\t<meta name=\"twitter:data1\" content=\"6 minutes\" \/>\n<script type=\"application\/ld+json\" class=\"yoast-schema-graph\">{\"@context\":\"https:\\\/\\\/schema.org\",\"@graph\":[{\"@type\":\"WebPage\",\"@id\":\"https:\\\/\\\/quintacarmo.com\\\/en\\\/termos-e-condicoes-de-uso\\\/\",\"url\":\"https:\\\/\\\/quintacarmo.com\\\/en\\\/termos-e-condicoes-de-uso\\\/\",\"name\":\"Termos e Condi\u00e7\u00f5es de Uso - Quinta do Carmo\",\"isPartOf\":{\"@id\":\"https:\\\/\\\/quintacarmo.com\\\/#website\"},\"datePublished\":\"2021-11-01T01:27:57+00:00\",\"dateModified\":\"2021-11-01T14:46:09+00:00\",\"breadcrumb\":{\"@id\":\"https:\\\/\\\/quintacarmo.com\\\/en\\\/termos-e-condicoes-de-uso\\\/#breadcrumb\"},\"inLanguage\":\"en-GB\",\"potentialAction\":[{\"@type\":\"ReadAction\",\"target\":[\"https:\\\/\\\/quintacarmo.com\\\/en\\\/termos-e-condicoes-de-uso\\\/\"]}]},{\"@type\":\"BreadcrumbList\",\"@id\":\"https:\\\/\\\/quintacarmo.com\\\/en\\\/termos-e-condicoes-de-uso\\\/#breadcrumb\",\"itemListElement\":[{\"@type\":\"ListItem\",\"position\":1,\"name\":\"In\u00edcio\",\"item\":\"https:\\\/\\\/quintacarmo.com\\\/\"},{\"@type\":\"ListItem\",\"position\":2,\"name\":\"Termos e Condi\u00e7\u00f5es de Uso\"}]},{\"@type\":\"WebSite\",\"@id\":\"https:\\\/\\\/quintacarmo.com\\\/#website\",\"url\":\"https:\\\/\\\/quintacarmo.com\\\/\",\"name\":\"Quinta do Carmo\",\"description\":\"\",\"potentialAction\":[{\"@type\":\"SearchAction\",\"target\":{\"@type\":\"EntryPoint\",\"urlTemplate\":\"https:\\\/\\\/quintacarmo.com\\\/?s={search_term_string}\"},\"query-input\":{\"@type\":\"PropertyValueSpecification\",\"valueRequired\":true,\"valueName\":\"search_term_string\"}}],\"inLanguage\":\"en-GB\"}]}<\/script>\n<!-- \/ Yoast SEO plugin. -->","yoast_head_json":{"title":"Termos e Condi\u00e7\u00f5es de Uso - Quinta do Carmo","robots":{"index":"index","follow":"follow","max-snippet":"max-snippet:-1","max-image-preview":"max-image-preview:large","max-video-preview":"max-video-preview:-1"},"canonical":"https:\/\/quintacarmo.com\/en\/termos-e-condicoes-de-uso\/","og_locale":"en_GB","og_type":"article","og_title":"Termos e Condi\u00e7\u00f5es de Uso - Quinta do Carmo","og_url":"https:\/\/quintacarmo.com\/en\/termos-e-condicoes-de-uso\/","og_site_name":"Quinta do Carmo","article_modified_time":"2021-11-01T14:46:09+00:00","twitter_card":"summary_large_image","twitter_misc":{"Estimated reading time":"6 minutes"},"schema":{"@context":"https:\/\/schema.org","@graph":[{"@type":"WebPage","@id":"https:\/\/quintacarmo.com\/en\/termos-e-condicoes-de-uso\/","url":"https:\/\/quintacarmo.com\/en\/termos-e-condicoes-de-uso\/","name":"Termos e Condi\u00e7\u00f5es de Uso - Quinta do Carmo","isPartOf":{"@id":"https:\/\/quintacarmo.com\/#website"},"datePublished":"2021-11-01T01:27:57+00:00","dateModified":"2021-11-01T14:46:09+00:00","breadcrumb":{"@id":"https:\/\/quintacarmo.com\/en\/termos-e-condicoes-de-uso\/#breadcrumb"},"inLanguage":"en-GB","potentialAction":[{"@type":"ReadAction","target":["https:\/\/quintacarmo.com\/en\/termos-e-condicoes-de-uso\/"]}]},{"@type":"BreadcrumbList","@id":"https:\/\/quintacarmo.com\/en\/termos-e-condicoes-de-uso\/#breadcrumb","itemListElement":[{"@type":"ListItem","position":1,"name":"In\u00edcio","item":"https:\/\/quintacarmo.com\/"},{"@type":"ListItem","position":2,"name":"Termos e Condi\u00e7\u00f5es de Uso"}]},{"@type":"WebSite","@id":"https:\/\/quintacarmo.com\/#website","url":"https:\/\/quintacarmo.com\/","name":"Quinta do Carmo","description":"","potentialAction":[{"@type":"SearchAction","target":{"@type":"EntryPoint","urlTemplate":"https:\/\/quintacarmo.com\/?s={search_term_string}"},"query-input":{"@type":"PropertyValueSpecification","valueRequired":true,"valueName":"search_term_string"}}],"inLanguage":"en-GB"}]}},"_links":{"self":[{"href":"https:\/\/quintacarmo.com\/en\/wp-json\/wp\/v2\/pages\/29373","targetHints":{"allow":["GET"]}}],"collection":[{"href":"https:\/\/quintacarmo.com\/en\/wp-json\/wp\/v2\/pages"}],"about":[{"href":"https:\/\/quintacarmo.com\/en\/wp-json\/wp\/v2\/types\/page"}],"author":[{"embeddable":true,"href":"https:\/\/quintacarmo.com\/en\/wp-json\/wp\/v2\/users\/1"}],"replies":[{"embeddable":true,"href":"https:\/\/quintacarmo.com\/en\/wp-json\/wp\/v2\/comments?post=29373"}],"version-history":[{"count":0,"href":"https:\/\/quintacarmo.com\/en\/wp-json\/wp\/v2\/pages\/29373\/revisions"}],"wp:attachment":[{"href":"https:\/\/quintacarmo.com\/en\/wp-json\/wp\/v2\/media?parent=29373"}],"curies":[{"name":"wp","href":"https:\/\/api.w.org\/{rel}","templated":true}]}}